{"id":77226,"date":"2024-09-02T09:09:28","date_gmt":"2024-09-02T09:09:28","guid":{"rendered":"https:\/\/flebi.com\/producto\/gepaecktraeger-eolo\/"},"modified":"2025-05-27T12:30:32","modified_gmt":"2025-05-27T12:30:32","slug":"gepaecktraeger-eolo","status":"publish","type":"product","link":"https:\/\/flebi.com\/de\/producto\/gepaecktraeger-eolo\/","title":{"rendered":"Gep\u00e4cktr\u00e4ger Eolo"},"content":{"rendered":"<p>Der Gep\u00e4cktr\u00e4ger oder Tr\u00e4ger hilft dir, eine maximale Last von 25 kg auf deiner neuen Flebi Eolo zu transportieren.<\/p>\n<p>&nbsp;<\/p>\n","protected":false},"excerpt":{"rendered":"<p>Der Gep\u00e4cktr\u00e4ger oder Tr\u00e4ger hilft dir, eine maximale Last von 25 kg auf deiner neuen Flebi Eolo zu transportieren. &nbsp;<\/p>\n","protected":false},"featured_media":77227,"comment_status":"closed","ping_status":"closed","template":"","meta":[],"product_brand":[],"product_cat":[1368,1278,1408,1276,1305],"product_tag":[1377,1369,1414,1415],"class_list":{"0":"post-77226","1":"product","2":"type-product","3":"status-publish","4":"has-post-thumbnail","6":"product_cat-eolo-de","7":"product_cat-eolo-zubehor","8":"product_cat-eolo-zubehor-de","9":"product_cat-zubehor","10":"product_cat-zubehor-de","11":"product_tag-eolo-de","12":"product_tag-flebi-eolo-de","13":"product_tag-gepacktrager-eolo","14":"product_tag-gepacktrager-flebi-eolo","15":"product_shipping_class-versandkosten-fur-zubehor","17":"first","18":"outofstock","19":"shipping-taxable","20":"purchasable","21":"product-type-simple"},"yoast_head":"<!-- This site is optimized with the Yoast SEO plugin v26.5 - https:\/\/yoast.com\/wordpress\/plugins\/seo\/ -->\n<title>Gep\u00e4cktr\u00e4ger Eolo - klapprad e bike | Flebi<\/title>\n<meta name=\"description\" content=\"Mit dem Gep\u00e4cktr\u00e4ger der Flebi Eolo kannst du alles mitnehmen, was du m\u00f6chtest, bis zu einem Maximum von 25 kg. Nutze das urbane Potential deiner Eolo optimal aus.\" \/>\n<meta name=\"robots\" content=\"index, follow, max-snippet:-1, max-image-preview:large, max-video-preview:-1\" \/>\n<link rel=\"canonical\" href=\"https:\/\/flebi.com\/de\/producto\/gepaecktraeger-eolo\/\" \/>\n<meta property=\"og:locale\" content=\"de_DE\" \/>\n<meta property=\"og:type\" content=\"article\" \/>\n<meta property=\"og:title\" content=\"Gep\u00e4cktr\u00e4ger Eolo - klapprad e bike | Flebi\" \/>\n<meta property=\"og:description\" content=\"Mit dem Gep\u00e4cktr\u00e4ger der Flebi Eolo kannst du alles mitnehmen, was du m\u00f6chtest, bis zu einem Maximum von 25 kg. Nutze das urbane Potential deiner Eolo optimal aus.\" \/>\n<meta property=\"og:url\" content=\"https:\/\/flebi.com\/de\/producto\/gepaecktraeger-eolo\/\" \/>\n<meta property=\"og:site_name\" content=\"Flebi\" \/>\n<meta property=\"article:modified_time\" content=\"2025-05-27T12:30:32+00:00\" \/>\n<meta property=\"og:image\" content=\"https:\/\/flebi.com\/wp-content\/uploads\/2024\/07\/Portabultos-Eolo-1.jpg\" \/>\n\t<meta property=\"og:image:width\" content=\"900\" \/>\n\t<meta property=\"og:image:height\" content=\"900\" \/>\n\t<meta property=\"og:image:type\" content=\"image\/jpeg\" \/>\n<meta name=\"twitter:card\" content=\"summary_large_image\" \/>\n<meta name=\"twitter:label1\" content=\"Gesch\u00e4tzte Lesezeit\" \/>\n\t<meta name=\"twitter:data1\" content=\"1\u00a0Minute\" \/>\n<script type=\"application\/ld+json\" class=\"yoast-schema-graph\">{\"@context\":\"https:\/\/schema.org\",\"@graph\":[{\"@type\":\"WebPage\",\"@id\":\"https:\/\/flebi.com\/de\/producto\/gepaecktraeger-eolo\/\",\"url\":\"https:\/\/flebi.com\/de\/producto\/gepaecktraeger-eolo\/\",\"name\":\"Gep\u00e4cktr\u00e4ger Eolo - klapprad e bike | Flebi\",\"isPartOf\":{\"@id\":\"https:\/\/flebi.com\/de\/#website\"},\"primaryImageOfPage\":{\"@id\":\"https:\/\/flebi.com\/de\/producto\/gepaecktraeger-eolo\/#primaryimage\"},\"image\":{\"@id\":\"https:\/\/flebi.com\/de\/producto\/gepaecktraeger-eolo\/#primaryimage\"},\"thumbnailUrl\":\"https:\/\/flebi.com\/wp-content\/uploads\/2024\/07\/Portabultos-Eolo-1.jpg\",\"datePublished\":\"2024-09-02T09:09:28+00:00\",\"dateModified\":\"2025-05-27T12:30:32+00:00\",\"description\":\"Mit dem Gep\u00e4cktr\u00e4ger der Flebi Eolo kannst du alles mitnehmen, was du m\u00f6chtest, bis zu einem Maximum von 25 kg. Nutze das urbane Potential deiner Eolo optimal aus.\",\"breadcrumb\":{\"@id\":\"https:\/\/flebi.com\/de\/producto\/gepaecktraeger-eolo\/#breadcrumb\"},\"inLanguage\":\"de\",\"potentialAction\":[{\"@type\":\"ReadAction\",\"target\":[\"https:\/\/flebi.com\/de\/producto\/gepaecktraeger-eolo\/\"]}]},{\"@type\":\"ImageObject\",\"inLanguage\":\"de\",\"@id\":\"https:\/\/flebi.com\/de\/producto\/gepaecktraeger-eolo\/#primaryimage\",\"url\":\"https:\/\/flebi.com\/wp-content\/uploads\/2024\/07\/Portabultos-Eolo-1.jpg\",\"contentUrl\":\"https:\/\/flebi.com\/wp-content\/uploads\/2024\/07\/Portabultos-Eolo-1.jpg\",\"width\":900,\"height\":900,\"caption\":\"Gep\u00e4cktr\u00e4ger Flebi Eolo\"},{\"@type\":\"BreadcrumbList\",\"@id\":\"https:\/\/flebi.com\/de\/producto\/gepaecktraeger-eolo\/#breadcrumb\",\"itemListElement\":[{\"@type\":\"ListItem\",\"position\":1,\"name\":\"Portada\",\"item\":\"https:\/\/flebi.com\/de\/startseite\/\"},{\"@type\":\"ListItem\",\"position\":2,\"name\":\"Shop\",\"item\":\"https:\/\/flebi.com\/de\/shop\/\"},{\"@type\":\"ListItem\",\"position\":3,\"name\":\"Gep\u00e4cktr\u00e4ger Eolo\"}]},{\"@type\":\"WebSite\",\"@id\":\"https:\/\/flebi.com\/de\/#website\",\"url\":\"https:\/\/flebi.com\/de\/\",\"name\":\"Flebi\",\"description\":\"Bicicletas el\u00e9ctricas plegables y ligeras\",\"potentialAction\":[{\"@type\":\"SearchAction\",\"target\":{\"@type\":\"EntryPoint\",\"urlTemplate\":\"https:\/\/flebi.com\/de\/?s={search_term_string}\"},\"query-input\":{\"@type\":\"PropertyValueSpecification\",\"valueRequired\":true,\"valueName\":\"search_term_string\"}}],\"inLanguage\":\"de\"}]}<\/script>\n<!-- \/ Yoast SEO plugin. -->","yoast_head_json":{"title":"Gep\u00e4cktr\u00e4ger Eolo - klapprad e bike | Flebi","description":"Mit dem Gep\u00e4cktr\u00e4ger der Flebi Eolo kannst du alles mitnehmen, was du m\u00f6chtest, bis zu einem Maximum von 25 kg. Nutze das urbane Potential deiner Eolo optimal aus.","robots":{"index":"index","follow":"follow","max-snippet":"max-snippet:-1","max-image-preview":"max-image-preview:large","max-video-preview":"max-video-preview:-1"},"canonical":"https:\/\/flebi.com\/de\/producto\/gepaecktraeger-eolo\/","og_locale":"de_DE","og_type":"article","og_title":"Gep\u00e4cktr\u00e4ger Eolo - klapprad e bike | Flebi","og_description":"Mit dem Gep\u00e4cktr\u00e4ger der Flebi Eolo kannst du alles mitnehmen, was du m\u00f6chtest, bis zu einem Maximum von 25 kg. Nutze das urbane Potential deiner Eolo optimal aus.","og_url":"https:\/\/flebi.com\/de\/producto\/gepaecktraeger-eolo\/","og_site_name":"Flebi","article_modified_time":"2025-05-27T12:30:32+00:00","og_image":[{"width":900,"height":900,"url":"https:\/\/flebi.com\/wp-content\/uploads\/2024\/07\/Portabultos-Eolo-1.jpg","type":"image\/jpeg"}],"twitter_card":"summary_large_image","twitter_misc":{"Gesch\u00e4tzte Lesezeit":"1\u00a0Minute"},"schema":{"@context":"https:\/\/schema.org","@graph":[{"@type":"WebPage","@id":"https:\/\/flebi.com\/de\/producto\/gepaecktraeger-eolo\/","url":"https:\/\/flebi.com\/de\/producto\/gepaecktraeger-eolo\/","name":"Gep\u00e4cktr\u00e4ger Eolo - klapprad e bike | Flebi","isPartOf":{"@id":"https:\/\/flebi.com\/de\/#website"},"primaryImageOfPage":{"@id":"https:\/\/flebi.com\/de\/producto\/gepaecktraeger-eolo\/#primaryimage"},"image":{"@id":"https:\/\/flebi.com\/de\/producto\/gepaecktraeger-eolo\/#primaryimage"},"thumbnailUrl":"https:\/\/flebi.com\/wp-content\/uploads\/2024\/07\/Portabultos-Eolo-1.jpg","datePublished":"2024-09-02T09:09:28+00:00","dateModified":"2025-05-27T12:30:32+00:00","description":"Mit dem Gep\u00e4cktr\u00e4ger der Flebi Eolo kannst du alles mitnehmen, was du m\u00f6chtest, bis zu einem Maximum von 25 kg. Nutze das urbane Potential deiner Eolo optimal aus.","breadcrumb":{"@id":"https:\/\/flebi.com\/de\/producto\/gepaecktraeger-eolo\/#breadcrumb"},"inLanguage":"de","potentialAction":[{"@type":"ReadAction","target":["https:\/\/flebi.com\/de\/producto\/gepaecktraeger-eolo\/"]}]},{"@type":"ImageObject","inLanguage":"de","@id":"https:\/\/flebi.com\/de\/producto\/gepaecktraeger-eolo\/#primaryimage","url":"https:\/\/flebi.com\/wp-content\/uploads\/2024\/07\/Portabultos-Eolo-1.jpg","contentUrl":"https:\/\/flebi.com\/wp-content\/uploads\/2024\/07\/Portabultos-Eolo-1.jpg","width":900,"height":900,"caption":"Gep\u00e4cktr\u00e4ger Flebi Eolo"},{"@type":"BreadcrumbList","@id":"https:\/\/flebi.com\/de\/producto\/gepaecktraeger-eolo\/#breadcrumb","itemListElement":[{"@type":"ListItem","position":1,"name":"Portada","item":"https:\/\/flebi.com\/de\/startseite\/"},{"@type":"ListItem","position":2,"name":"Shop","item":"https:\/\/flebi.com\/de\/shop\/"},{"@type":"ListItem","position":3,"name":"Gep\u00e4cktr\u00e4ger Eolo"}]},{"@type":"WebSite","@id":"https:\/\/flebi.com\/de\/#website","url":"https:\/\/flebi.com\/de\/","name":"Flebi","description":"Bicicletas el\u00e9ctricas plegables y ligeras","potentialAction":[{"@type":"SearchAction","target":{"@type":"EntryPoint","urlTemplate":"https:\/\/flebi.com\/de\/?s={search_term_string}"},"query-input":{"@type":"PropertyValueSpecification","valueRequired":true,"valueName":"search_term_string"}}],"inLanguage":"de"}]}},"_links":{"self":[{"href":"https:\/\/flebi.com\/de\/wp-json\/wp\/v2\/product\/77226","targetHints":{"allow":["GET"]}}],"collection":[{"href":"https:\/\/flebi.com\/de\/wp-json\/wp\/v2\/product"}],"about":[{"href":"https:\/\/flebi.com\/de\/wp-json\/wp\/v2\/types\/product"}],"replies":[{"embeddable":true,"href":"https:\/\/flebi.com\/de\/wp-json\/wp\/v2\/comments?post=77226"}],"wp:featuredmedia":[{"embeddable":true,"href":"https:\/\/flebi.com\/de\/wp-json\/wp\/v2\/media\/77227"}],"wp:attachment":[{"href":"https:\/\/flebi.com\/de\/wp-json\/wp\/v2\/media?parent=77226"}],"wp:term":[{"taxonomy":"product_brand","embeddable":true,"href":"https:\/\/flebi.com\/de\/wp-json\/wp\/v2\/product_brand?post=77226"},{"taxonomy":"product_cat","embeddable":true,"href":"https:\/\/flebi.com\/de\/wp-json\/wp\/v2\/product_cat?post=77226"},{"taxonomy":"product_tag","embeddable":true,"href":"https:\/\/flebi.com\/de\/wp-json\/wp\/v2\/product_tag?post=77226"}],"curies":[{"name":"wp","href":"https:\/\/api.w.org\/{rel}","templated":true}]}}