{"id":76969,"date":"2024-09-02T09:08:14","date_gmt":"2024-09-02T09:08:14","guid":{"rendered":"https:\/\/flebi.com\/producto\/schwarzer-vorderkorb-fuer-klickfix-caddy-oder-standard-adapter\/"},"modified":"2025-07-29T11:19:46","modified_gmt":"2025-07-29T11:19:46","slug":"schwarzer-vorderkorb-fuer-klickfix-caddy-oder-standard-adapter","status":"publish","type":"product","link":"https:\/\/flebi.com\/de\/producto\/schwarzer-vorderkorb-fuer-klickfix-caddy-oder-standard-adapter\/","title":{"rendered":"Schwarzer Vorderkorb f\u00fcr Klickfix Caddy- oder Standard-Adapter"},"content":{"rendered":"<div class=\"product-short-description\">\n<div id=\"stcpDiv\">\n<p>Der beliebteste Drahtkorb mit einem sehr komfortablen Griff zum Transport und einer beschichteten Oberfl\u00e4che. Klassische hohe Form. Schwarze Farbe. Kompatibel mit Flebi Supra und Flebi Evo.<\/p>\n<ul>\n<li>Abmessungen: 35x26x25cm<\/li>\n<li>Gewicht: 1kg<\/li>\n<li>Tragf\u00e4higkeit: 16L<\/li>\n<li>Maximalgewicht: 7kg<\/li>\n<\/ul>\n<p>&nbsp;<\/p>\n<div style=\"position: relative; height: 0; padding-bottom: 56.25%;\"><iframe style=\"position: absolute; left: 0;\" src=\"\/\/www.youtube.com\/embed\/d4jiRB6nuCM?ecver=2\" width=\"640\" height=\"360\" frameborder=\"0\" allowfullscreen=\"allowfullscreen\" data-mce-fragment=\"1\"><\/iframe><\/div>\n<\/div>\n<\/div>\n","protected":false},"excerpt":{"rendered":"<p>&nbsp;<\/p>\n<div class=\"fancybox-hidden\" style=\"display: none;\">\n<div id=\"contact_form_pop\">[contact-form-7 id=&#8220;28144&#8243; title=&#8220;Formularfrage Produkt&#8220;]<\/div>\n<\/div>\n","protected":false},"featured_media":76970,"comment_status":"closed","ping_status":"closed","template":"","meta":[],"product_brand":[],"product_cat":[1278,1286,1279,1277,1276],"product_tag":[1288,1287,1285,1282,1281,1284],"class_list":{"0":"post-76969","1":"product","2":"type-product","3":"status-publish","4":"has-post-thumbnail","6":"product_cat-eolo-zubehor","7":"product_cat-korbe","8":"product_cat-supra-zubehor","9":"product_cat-swan-zubehor","10":"product_cat-zubehor","11":"product_tag-caddy-de","12":"product_tag-caddy-adapter-de","13":"product_tag-fahrradgepacktrager","14":"product_tag-fahrradkorbe","15":"product_tag-fahrradtaschen","16":"product_tag-klickfix-de","17":"product_shipping_class-versandkosten-fur-zubehor","19":"first","20":"outofstock","21":"shipping-taxable","22":"purchasable","23":"product-type-simple"},"yoast_head":"<!-- This site is optimized with the Yoast SEO plugin v26.5 - https:\/\/yoast.com\/wordpress\/plugins\/seo\/ -->\n<title>Schwarzer Fahrradkorb vorne \u2013 Klickfix Caddy &amp; Standard<\/title>\n<meta name=\"description\" content=\"Der beliebteste Drahtkorb mit einem sehr komfortablen Griff zum Transport und einer beschichteten Oberfl\u00e4che. Kompatibel mit Flebi Supra und Flebi Evo.\" \/>\n<meta name=\"robots\" content=\"index, follow, max-snippet:-1, max-image-preview:large, max-video-preview:-1\" \/>\n<link rel=\"canonical\" href=\"https:\/\/flebi.com\/de\/producto\/schwarzer-vorderkorb-fuer-klickfix-caddy-oder-standard-adapter\/\" \/>\n<meta property=\"og:locale\" content=\"de_DE\" \/>\n<meta property=\"og:type\" content=\"article\" \/>\n<meta property=\"og:title\" content=\"Flebi Evo Tasche | Flebi, Elektrofahrr\u00e4der und faltbare Fahrr\u00e4der\" \/>\n<meta property=\"og:description\" content=\"Die Flebi Evo Tasche ist eine Transporttasche, die sich in einen Rucksack verwandeln l\u00e4sst, um die gefaltete Flebi Evo auf deinem R\u00fccken oder w\u00e4hrend deiner Reisen zu tragen.\" \/>\n<meta property=\"og:url\" content=\"https:\/\/flebi.com\/de\/producto\/schwarzer-vorderkorb-fuer-klickfix-caddy-oder-standard-adapter\/\" \/>\n<meta property=\"og:site_name\" content=\"Flebi\" \/>\n<meta property=\"article:modified_time\" content=\"2025-07-29T11:19:46+00:00\" \/>\n<meta property=\"og:image\" content=\"http:\/\/www.flebi.com\/wp-content\/uploads\/2015\/10\/IMG_5241.png\" \/>\n<meta name=\"twitter:card\" content=\"summary_large_image\" \/>\n<meta name=\"twitter:title\" content=\"Flebi Evo Tasche | Flebi, Elektrofahrr\u00e4der und faltbare Fahrr\u00e4der\" \/>\n<meta name=\"twitter:description\" content=\"Die Flebi Evo Tasche ist eine Transporttasche, die sich in einen Rucksack verwandeln l\u00e4sst, um die gefaltete Flebi Evo auf deinem R\u00fccken oder w\u00e4hrend deiner Reisen zu tragen.\" \/>\n<meta name=\"twitter:image\" content=\"http:\/\/www.flebi.com\/wp-content\/uploads\/2015\/10\/IMG_5241.png\" \/>\n<meta name=\"twitter:label1\" content=\"Gesch\u00e4tzte Lesezeit\" \/>\n\t<meta name=\"twitter:data1\" content=\"1\u00a0Minute\" \/>\n<script type=\"application\/ld+json\" class=\"yoast-schema-graph\">{\"@context\":\"https:\/\/schema.org\",\"@graph\":[{\"@type\":\"WebPage\",\"@id\":\"https:\/\/flebi.com\/de\/producto\/schwarzer-vorderkorb-fuer-klickfix-caddy-oder-standard-adapter\/\",\"url\":\"https:\/\/flebi.com\/de\/producto\/schwarzer-vorderkorb-fuer-klickfix-caddy-oder-standard-adapter\/\",\"name\":\"Schwarzer Fahrradkorb vorne \u2013 Klickfix Caddy & Standard\",\"isPartOf\":{\"@id\":\"https:\/\/flebi.com\/de\/#website\"},\"primaryImageOfPage\":{\"@id\":\"https:\/\/flebi.com\/de\/producto\/schwarzer-vorderkorb-fuer-klickfix-caddy-oder-standard-adapter\/#primaryimage\"},\"image\":{\"@id\":\"https:\/\/flebi.com\/de\/producto\/schwarzer-vorderkorb-fuer-klickfix-caddy-oder-standard-adapter\/#primaryimage\"},\"thumbnailUrl\":\"https:\/\/flebi.com\/wp-content\/uploads\/2024\/07\/cesta-1.png\",\"datePublished\":\"2024-09-02T09:08:14+00:00\",\"dateModified\":\"2025-07-29T11:19:46+00:00\",\"description\":\"Der beliebteste Drahtkorb mit einem sehr komfortablen Griff zum Transport und einer beschichteten Oberfl\u00e4che. Kompatibel mit Flebi Supra und Flebi Evo.\",\"breadcrumb\":{\"@id\":\"https:\/\/flebi.com\/de\/producto\/schwarzer-vorderkorb-fuer-klickfix-caddy-oder-standard-adapter\/#breadcrumb\"},\"inLanguage\":\"de\",\"potentialAction\":[{\"@type\":\"ReadAction\",\"target\":[\"https:\/\/flebi.com\/de\/producto\/schwarzer-vorderkorb-fuer-klickfix-caddy-oder-standard-adapter\/\"]}]},{\"@type\":\"ImageObject\",\"inLanguage\":\"de\",\"@id\":\"https:\/\/flebi.com\/de\/producto\/schwarzer-vorderkorb-fuer-klickfix-caddy-oder-standard-adapter\/#primaryimage\",\"url\":\"https:\/\/flebi.com\/wp-content\/uploads\/2024\/07\/cesta-1.png\",\"contentUrl\":\"https:\/\/flebi.com\/wp-content\/uploads\/2024\/07\/cesta-1.png\",\"width\":500,\"height\":500,\"caption\":\"Fahrradkorb\"},{\"@type\":\"BreadcrumbList\",\"@id\":\"https:\/\/flebi.com\/de\/producto\/schwarzer-vorderkorb-fuer-klickfix-caddy-oder-standard-adapter\/#breadcrumb\",\"itemListElement\":[{\"@type\":\"ListItem\",\"position\":1,\"name\":\"Portada\",\"item\":\"https:\/\/flebi.com\/de\/startseite\/\"},{\"@type\":\"ListItem\",\"position\":2,\"name\":\"Shop\",\"item\":\"https:\/\/flebi.com\/de\/shop\/\"},{\"@type\":\"ListItem\",\"position\":3,\"name\":\"Schwarzer Vorderkorb f\u00fcr Klickfix Caddy- oder Standard-Adapter\"}]},{\"@type\":\"WebSite\",\"@id\":\"https:\/\/flebi.com\/de\/#website\",\"url\":\"https:\/\/flebi.com\/de\/\",\"name\":\"Flebi\",\"description\":\"Bicicletas el\u00e9ctricas plegables y ligeras\",\"potentialAction\":[{\"@type\":\"SearchAction\",\"target\":{\"@type\":\"EntryPoint\",\"urlTemplate\":\"https:\/\/flebi.com\/de\/?s={search_term_string}\"},\"query-input\":{\"@type\":\"PropertyValueSpecification\",\"valueRequired\":true,\"valueName\":\"search_term_string\"}}],\"inLanguage\":\"de\"}]}<\/script>\n<!-- \/ Yoast SEO plugin. -->","yoast_head_json":{"title":"Schwarzer Fahrradkorb vorne \u2013 Klickfix Caddy & Standard","description":"Der beliebteste Drahtkorb mit einem sehr komfortablen Griff zum Transport und einer beschichteten Oberfl\u00e4che. Kompatibel mit Flebi Supra und Flebi Evo.","robots":{"index":"index","follow":"follow","max-snippet":"max-snippet:-1","max-image-preview":"max-image-preview:large","max-video-preview":"max-video-preview:-1"},"canonical":"https:\/\/flebi.com\/de\/producto\/schwarzer-vorderkorb-fuer-klickfix-caddy-oder-standard-adapter\/","og_locale":"de_DE","og_type":"article","og_title":"Flebi Evo Tasche | Flebi, Elektrofahrr\u00e4der und faltbare Fahrr\u00e4der","og_description":"Die Flebi Evo Tasche ist eine Transporttasche, die sich in einen Rucksack verwandeln l\u00e4sst, um die gefaltete Flebi Evo auf deinem R\u00fccken oder w\u00e4hrend deiner Reisen zu tragen.","og_url":"https:\/\/flebi.com\/de\/producto\/schwarzer-vorderkorb-fuer-klickfix-caddy-oder-standard-adapter\/","og_site_name":"Flebi","article_modified_time":"2025-07-29T11:19:46+00:00","og_image":[{"url":"http:\/\/www.flebi.com\/wp-content\/uploads\/2015\/10\/IMG_5241.png","type":"","width":"","height":""}],"twitter_card":"summary_large_image","twitter_title":"Flebi Evo Tasche | Flebi, Elektrofahrr\u00e4der und faltbare Fahrr\u00e4der","twitter_description":"Die Flebi Evo Tasche ist eine Transporttasche, die sich in einen Rucksack verwandeln l\u00e4sst, um die gefaltete Flebi Evo auf deinem R\u00fccken oder w\u00e4hrend deiner Reisen zu tragen.","twitter_image":"http:\/\/www.flebi.com\/wp-content\/uploads\/2015\/10\/IMG_5241.png","twitter_misc":{"Gesch\u00e4tzte Lesezeit":"1\u00a0Minute"},"schema":{"@context":"https:\/\/schema.org","@graph":[{"@type":"WebPage","@id":"https:\/\/flebi.com\/de\/producto\/schwarzer-vorderkorb-fuer-klickfix-caddy-oder-standard-adapter\/","url":"https:\/\/flebi.com\/de\/producto\/schwarzer-vorderkorb-fuer-klickfix-caddy-oder-standard-adapter\/","name":"Schwarzer Fahrradkorb vorne \u2013 Klickfix Caddy & Standard","isPartOf":{"@id":"https:\/\/flebi.com\/de\/#website"},"primaryImageOfPage":{"@id":"https:\/\/flebi.com\/de\/producto\/schwarzer-vorderkorb-fuer-klickfix-caddy-oder-standard-adapter\/#primaryimage"},"image":{"@id":"https:\/\/flebi.com\/de\/producto\/schwarzer-vorderkorb-fuer-klickfix-caddy-oder-standard-adapter\/#primaryimage"},"thumbnailUrl":"https:\/\/flebi.com\/wp-content\/uploads\/2024\/07\/cesta-1.png","datePublished":"2024-09-02T09:08:14+00:00","dateModified":"2025-07-29T11:19:46+00:00","description":"Der beliebteste Drahtkorb mit einem sehr komfortablen Griff zum Transport und einer beschichteten Oberfl\u00e4che. Kompatibel mit Flebi Supra und Flebi Evo.","breadcrumb":{"@id":"https:\/\/flebi.com\/de\/producto\/schwarzer-vorderkorb-fuer-klickfix-caddy-oder-standard-adapter\/#breadcrumb"},"inLanguage":"de","potentialAction":[{"@type":"ReadAction","target":["https:\/\/flebi.com\/de\/producto\/schwarzer-vorderkorb-fuer-klickfix-caddy-oder-standard-adapter\/"]}]},{"@type":"ImageObject","inLanguage":"de","@id":"https:\/\/flebi.com\/de\/producto\/schwarzer-vorderkorb-fuer-klickfix-caddy-oder-standard-adapter\/#primaryimage","url":"https:\/\/flebi.com\/wp-content\/uploads\/2024\/07\/cesta-1.png","contentUrl":"https:\/\/flebi.com\/wp-content\/uploads\/2024\/07\/cesta-1.png","width":500,"height":500,"caption":"Fahrradkorb"},{"@type":"BreadcrumbList","@id":"https:\/\/flebi.com\/de\/producto\/schwarzer-vorderkorb-fuer-klickfix-caddy-oder-standard-adapter\/#breadcrumb","itemListElement":[{"@type":"ListItem","position":1,"name":"Portada","item":"https:\/\/flebi.com\/de\/startseite\/"},{"@type":"ListItem","position":2,"name":"Shop","item":"https:\/\/flebi.com\/de\/shop\/"},{"@type":"ListItem","position":3,"name":"Schwarzer Vorderkorb f\u00fcr Klickfix Caddy- oder Standard-Adapter"}]},{"@type":"WebSite","@id":"https:\/\/flebi.com\/de\/#website","url":"https:\/\/flebi.com\/de\/","name":"Flebi","description":"Bicicletas el\u00e9ctricas plegables y ligeras","potentialAction":[{"@type":"SearchAction","target":{"@type":"EntryPoint","urlTemplate":"https:\/\/flebi.com\/de\/?s={search_term_string}"},"query-input":{"@type":"PropertyValueSpecification","valueRequired":true,"valueName":"search_term_string"}}],"inLanguage":"de"}]}},"_links":{"self":[{"href":"https:\/\/flebi.com\/de\/wp-json\/wp\/v2\/product\/76969","targetHints":{"allow":["GET"]}}],"collection":[{"href":"https:\/\/flebi.com\/de\/wp-json\/wp\/v2\/product"}],"about":[{"href":"https:\/\/flebi.com\/de\/wp-json\/wp\/v2\/types\/product"}],"replies":[{"embeddable":true,"href":"https:\/\/flebi.com\/de\/wp-json\/wp\/v2\/comments?post=76969"}],"wp:featuredmedia":[{"embeddable":true,"href":"https:\/\/flebi.com\/de\/wp-json\/wp\/v2\/media\/76970"}],"wp:attachment":[{"href":"https:\/\/flebi.com\/de\/wp-json\/wp\/v2\/media?parent=76969"}],"wp:term":[{"taxonomy":"product_brand","embeddable":true,"href":"https:\/\/flebi.com\/de\/wp-json\/wp\/v2\/product_brand?post=76969"},{"taxonomy":"product_cat","embeddable":true,"href":"https:\/\/flebi.com\/de\/wp-json\/wp\/v2\/product_cat?post=76969"},{"taxonomy":"product_tag","embeddable":true,"href":"https:\/\/flebi.com\/de\/wp-json\/wp\/v2\/product_tag?post=76969"}],"curies":[{"name":"wp","href":"https:\/\/api.w.org\/{rel}","templated":true}]}}